{"id":4198,"date":"2023-05-26T15:27:54","date_gmt":"2023-05-26T13:27:54","guid":{"rendered":"https:\/\/galerie-klaus-benden.de\/?post_type=fair&#038;p=4198"},"modified":"2023-05-27T12:16:11","modified_gmt":"2023-05-27T10:16:11","slug":"8-roter-kunstsalon","status":"publish","type":"fair","link":"https:\/\/galerie-benden-ackermann.de\/de\/fair\/8-roter-kunstsalon\/","title":{"rendered":"8. Roter Kunstsalon"},"content":{"rendered":"<p>Im Oktober verwandelt sich das Museum Villa Rot zum achten Mal f\u00fcr wenige Tage in eine kleine, hochwertige Kunstmesse, die jedes Jahr hochkar\u00e4tige K\u00fcnstler und Kunstliebhaber aus aller Welt anlockt. Der Rote Kunstsalon bietet eine einladende und ansprechende Atmosph\u00e4re, in der Besucher die M\u00f6glichkeit haben, Kunst in einer zeitlosen und eleganten Villa zu genie\u00dfen.<\/p>\n<p>Der Rote Salon ist nicht nur ein Ort f\u00fcr den Kauf von Kunstwerken, sondern auch eine Plattform f\u00fcr den Austausch von Ideen und Inspiration. Es ist ein Treffpunkt f\u00fcr Galeristen, K\u00fcnstler, Kuratoren, Sammler und Kunstenthusiasten, um sich zu vernetzen und sich an guter Kunst zu erfreuen.<\/p>\n","protected":false},"author":2,"featured_media":4199,"template":"","tags":[],"class_list":["post-4198","fair","type-fair","status-publish","has-post-thumbnail","hentry"],"_links":{"self":[{"href":"https:\/\/galerie-benden-ackermann.de\/de\/wp-json\/wp\/v2\/fair\/4198","targetHints":{"allow":["GET"]}}],"collection":[{"href":"https:\/\/galerie-benden-ackermann.de\/de\/wp-json\/wp\/v2\/fair"}],"about":[{"href":"https:\/\/galerie-benden-ackermann.de\/de\/wp-json\/wp\/v2\/types\/fair"}],"author":[{"embeddable":true,"href":"https:\/\/galerie-benden-ackermann.de\/de\/wp-json\/wp\/v2\/users\/2"}],"version-history":[{"count":3,"href":"https:\/\/galerie-benden-ackermann.de\/de\/wp-json\/wp\/v2\/fair\/4198\/revisions"}],"predecessor-version":[{"id":4216,"href":"https:\/\/galerie-benden-ackermann.de\/de\/wp-json\/wp\/v2\/fair\/4198\/revisions\/4216"}],"wp:featuredmedia":[{"embeddable":true,"href":"https:\/\/galerie-benden-ackermann.de\/de\/wp-json\/wp\/v2\/media\/4199"}],"wp:attachment":[{"href":"https:\/\/galerie-benden-ackermann.de\/de\/wp-json\/wp\/v2\/media?parent=4198"}],"wp:term":[{"taxonomy":"post_tag","embeddable":true,"href":"https:\/\/galerie-benden-ackermann.de\/de\/wp-json\/wp\/v2\/tags?post=4198"}],"curies":[{"name":"wp","href":"https:\/\/api.w.org\/{rel}","templated":true}]}}