{"id":5235,"date":"2025-10-12T12:10:13","date_gmt":"2025-10-12T10:10:13","guid":{"rendered":"https:\/\/galerie-benden-ackermann.de\/?post_type=fair&#038;p=5235"},"modified":"2025-10-12T12:21:58","modified_gmt":"2025-10-12T10:21:58","slug":"highlights-2025-internationale-kunstmesse-muenchen","status":"publish","type":"fair","link":"https:\/\/galerie-benden-ackermann.de\/de\/fair\/highlights-2025-internationale-kunstmesse-muenchen\/","title":{"rendered":"HIGHLIGHTS 2025 &#8211; Internationale Kunstmesse M\u00fcnchen"},"content":{"rendered":"<p data-start=\"0\" data-end=\"696\">Vom <strong data-start=\"4\" data-end=\"32\">16. bis 19. Oktober 2025<\/strong> nehmen wir an der renommierten <em data-start=\"64\" data-end=\"113\">Highlights \u2013 Internationalen Kunstmesse M\u00fcnchen<\/em> teil, die im eindrucksvollen Ambiente der <strong data-start=\"156\" data-end=\"181\">Residenz am Hofgarten<\/strong> in M\u00fcnchen stattfindet. Seit ihrer Gr\u00fcndung im Jahr 2010 gilt die Messe als eine der bedeutendsten Boutique-Kunstmessen Deutschlands und vereint erlesene Galerien und Kunsth\u00e4ndlerinnen, die Werke h\u00f6chster Qualit\u00e4t aus verschiedenen Epochen pr\u00e4sentieren. \u00a0Von Alten Meistern und Kunstkammerobjekten \u00fcber klassische Moderne bis hin zu zeitgen\u00f6ssischen Positionen. Die <em data-start=\"537\" data-end=\"549\">Highlights<\/em> versteht sich dabei nicht nur als Verkaufsmesse, sondern als kulturelles Ereignis, das Tradition und Gegenwart in einen eleganten Dialog bringt.<\/p>\n<p data-start=\"698\" data-end=\"1347\">Wir zeigen in diesem Jahr eine sorgf\u00e4ltig zusammengestellte Auswahl aus unserem Programm, das insbesondere Werke der <strong data-start=\"815\" data-end=\"841\">amerikanischen Pop Art<\/strong> und der <strong data-start=\"850\" data-end=\"876\">zeitgen\u00f6ssischen Kunst<\/strong> umfasst. Neben ikonischen Arbeiten von K\u00fcnstlern wie <em data-start=\"930\" data-end=\"943\">Andy Warhol<\/em>, <em data-start=\"945\" data-end=\"961\">Tom Wesselmann<\/em> und <em data-start=\"966\" data-end=\"984\">Roy Lichtenstein<\/em> pr\u00e4sentieren wir aktuelle Positionen zeitgen\u00f6ssischer K\u00fcnstlerinnen und K\u00fcnstler, deren Werke sich auf eindrucksvolle Weise mit Form, Farbe und Material auseinandersetzen. Durch diese Verbindung von Klassikern der Pop Art mit aktuellen k\u00fcnstlerischen Ausdrucksformen entsteht ein spannender Dialog zwischen historischer Bedeutung und zeitgen\u00f6ssischer Relevanz.<\/p>\n<p data-start=\"1349\" data-end=\"1834\">Die <em data-start=\"1353\" data-end=\"1365\">Highlights<\/em> bietet mit ihrer exklusiven Atmosph\u00e4re und der architektonisch anspruchsvollen Pr\u00e4sentation den idealen Rahmen f\u00fcr unser Messekonzept. Besucherinnen und Besucher erleben Kunst in musealer Qualit\u00e4t, pr\u00e4sentiert mit der Sorgfalt und Leidenschaft, die uns in unserer Arbeit leitet.<\/p>\n<p data-start=\"1836\" data-end=\"2173\" data-is-last-node=\"\" data-is-only-node=\"\">Wir freuen uns auf inspirierende Gespr\u00e4che, pers\u00f6nliche Begegnungen und den Austausch mit Sammlerinnen, Sammlern und Kunstinteressierten in M\u00fcnchen. Besuchen Sie uns auf der <em data-start=\"2010\" data-end=\"2027\">Highlights 2025<\/em> und entdecken Sie au\u00dfergew\u00f6hnliche Werke, die die Br\u00fccke zwischen den gro\u00dfen Namen der Pop Art und den spannenden Stimmen der Gegenwart schlagen.<\/p>\n","protected":false},"author":2,"featured_media":5243,"template":"","tags":[],"class_list":["post-5235","fair","type-fair","status-publish","has-post-thumbnail","hentry"],"_links":{"self":[{"href":"https:\/\/galerie-benden-ackermann.de\/de\/wp-json\/wp\/v2\/fair\/5235","targetHints":{"allow":["GET"]}}],"collection":[{"href":"https:\/\/galerie-benden-ackermann.de\/de\/wp-json\/wp\/v2\/fair"}],"about":[{"href":"https:\/\/galerie-benden-ackermann.de\/de\/wp-json\/wp\/v2\/types\/fair"}],"author":[{"embeddable":true,"href":"https:\/\/galerie-benden-ackermann.de\/de\/wp-json\/wp\/v2\/users\/2"}],"version-history":[{"count":2,"href":"https:\/\/galerie-benden-ackermann.de\/de\/wp-json\/wp\/v2\/fair\/5235\/revisions"}],"predecessor-version":[{"id":5241,"href":"https:\/\/galerie-benden-ackermann.de\/de\/wp-json\/wp\/v2\/fair\/5235\/revisions\/5241"}],"wp:featuredmedia":[{"embeddable":true,"href":"https:\/\/galerie-benden-ackermann.de\/de\/wp-json\/wp\/v2\/media\/5243"}],"wp:attachment":[{"href":"https:\/\/galerie-benden-ackermann.de\/de\/wp-json\/wp\/v2\/media?parent=5235"}],"wp:term":[{"taxonomy":"post_tag","embeddable":true,"href":"https:\/\/galerie-benden-ackermann.de\/de\/wp-json\/wp\/v2\/tags?post=5235"}],"curies":[{"name":"wp","href":"https:\/\/api.w.org\/{rel}","templated":true}]}}