{"id":41,"date":"2021-05-28T16:50:28","date_gmt":"2021-05-28T14:50:28","guid":{"rendered":"http:\/\/dev.galerie-klaus-benden.de\/?page_id=41"},"modified":"2022-09-07T13:20:19","modified_gmt":"2022-09-07T11:20:19","slug":"impressum","status":"publish","type":"page","link":"https:\/\/galerie-benden-ackermann.de\/de\/impressum\/","title":{"rendered":"Impressum"},"content":{"rendered":"\n<h2 class=\"wp-block-heading\">ANGABEN GEM\u00c4SS \u00a7 5 TM<\/h2>\n\n\n\n<p>Gesch\u00e4ftsanschrift:<br>Galerie Benden &amp; Ackermann GmbH<br>Maybachstra\u00dfe 8<br>D-50670 K\u00f6ln<\/p>\n\n\n\n<h2 class=\"wp-block-heading\">VERTRETEN DURCH:<\/h2>\n\n\n\n<p>Gesch\u00e4ftsf\u00fchrer: Klaus Benden &amp; Marvin Ackermann<\/p>\n\n\n\n<h2 class=\"wp-block-heading\">KONTAKT:<\/h2>\n\n\n\n<p>Telefon: +49.221.257 97 27<br>Telefax: +49.221.280 68 58<br>E-Mail:\u00a0<a href=\"mailto:info@galerie-klaus-benden.de\">info@galerie-benden-ackermann.de<\/a><\/p>\n\n\n\n<h2 class=\"wp-block-heading\">REGISTEREINTRAG:<\/h2>\n\n\n\n<p>Eintragung im Handelsregister.<br>Registergericht: Amtsgericht K\u00f6ln<br>Registernummer: HRB 109702<\/p>\n\n\n\n<h2 class=\"wp-block-heading\">UMSATZSTEUER:<\/h2>\n\n\n\n<p>Umsatzsteuer-Identifikationsnummer gem\u00e4\u00df \u00a727 a Umsatzsteuergesetz:<br>DE 351158252<\/p>\n\n\n\n<p><\/p>\n\n\n\n<h2 class=\"wp-block-heading\">GESTALTUNG \/ UMSETZUNG<\/h2>\n\n\n\n<p>magma design studio<br><a href=\"https:\/\/magmadesignstudio.de\" target=\"_blank\" rel=\"noreferrer noopener\">magmadesignstudio.de<\/a><\/p>\n\n\n\n<p><\/p>\n\n\n\n<h2 class=\"wp-block-heading\">STREITSCHLICHTUNG<\/h2>\n\n\n\n<p>Die Europ\u00e4ische Kommission stellt eine Plattform zur Online-Streitbeilegung (OS) bereit:&nbsp;<a href=\"https:\/\/ec.europa.eu\/consumers\/odr\" rel=\"noreferrer noopener\" target=\"_blank\">ec.europa.eu\/consumers\/odr<\/a>. Unsere E-Mail-Adresse finden Sie oben im Impressum.<\/p>\n\n\n\n<p>Wir sind nicht bereit oder verpflichtet, an Streitbeilegungsverfahren vor einer Verbraucherschlichtungsstelle teilzunehmen.<\/p>\n\n\n\n<h2 class=\"wp-block-heading\">HAFTUNG F\u00dcR INHALTE<\/h2>\n\n\n\n<p>Als Diensteanbieter sind wir gem\u00e4\u00df \u00a7 7 Abs.1 TMG f\u00fcr eigene Inhalte auf diesen Seiten nach den allgemeinen Gesetzen verantwortlich. Nach \u00a7\u00a7 8 bis 10 TMG sind wir als Diensteanbieter jedoch nicht verpflichtet, \u00fcbermittelte oder gespeicherte fremde Informationen zu \u00fcberwachen oder nach Umst\u00e4nden zu forschen, die auf eine rechtswidrige T\u00e4tigkeit hinweisen. Verpflichtungen zur Entfernung oder Sperrung der Nutzung von Informationen nach den allgemeinen Gesetzen bleiben hiervon unber\u00fchrt. Eine diesbez\u00fcgliche Haftung ist jedoch erst ab dem Zeitpunkt der Kenntnis einer konkreten Rechtsverletzung m\u00f6glich. Bei Bekanntwerden von entsprechenden Rechtsverletzungen werden wir diese Inhalte umgehend entfernen.<\/p>\n\n\n\n<h2 class=\"wp-block-heading\">HAFTUNG F\u00dcR LINKS<\/h2>\n\n\n\n<p>Unser Angebot enth\u00e4lt Links zu externen Websites Dritter, auf deren Inhalte wir keinen Einfluss haben. Deshalb k\u00f6nnen wir f\u00fcr diese fremden Inhalte auch keine Gew\u00e4hr \u00fcbernehmen. F\u00fcr die Inhalte der verlinkten Seiten ist stets der jeweilige Anbieter oder Betreiber der Seiten verantwortlich. Die verlinkten Seiten wurden zum Zeitpunkt der Verlinkung auf m\u00f6gliche Rechtsverst\u00f6\u00dfe \u00fcberpr\u00fcft. Rechtswidrige Inhalte waren zum Zeitpunkt der Verlinkung nicht erkennbar. Eine permanente inhaltliche Kontrolle der verlinkten Seiten ist jedoch ohne konkrete Anhaltspunkte einer Rechtsverletzung nicht zumutbar. Bei Bekanntwerden von Rechtsverletzungen werden wir derartige Links umgehend entfernen.<\/p>\n\n\n\n<h2 class=\"wp-block-heading\">URHEBERRECHT<\/h2>\n\n\n\n<p>Die durch die Seitenbetreiber erstellten Inhalte und Werke auf diesen Seiten unterliegen dem deutschen Urheberrecht. Die Vervielf\u00e4ltigung, Bearbeitung, Verbreitung und jede Art der Verwertung au\u00dferhalb der Grenzen des Urheberrechtes bed\u00fcrfen der schriftlichen Zustimmung des jeweiligen Autors bzw. Erstellers. Downloads und Kopien dieser Seite sind nur f\u00fcr den privaten, nicht kommerziellen Gebrauch gestattet. Soweit die Inhalte auf dieser Seite nicht vom Betreiber erstellt wurden, werden die Urheberrechte Dritter beachtet. Insbesondere werden Inhalte Dritter als solche gekennzeichnet. Sollten Sie trotzdem auf eine Urheberrechtsverletzung aufmerksam werden, bitten wir um einen entsprechenden Hinweis. Bei Bekanntwerden von Rechtsverletzungen werden wir derartige Inhalte umgehend entfernen.<\/p>\n","protected":false},"excerpt":{"rendered":"<p>ANGABEN GEM\u00c4SS \u00a7 5 TM Gesch\u00e4ftsanschrift:Galerie Benden &amp; Ackermann GmbHMaybachstra\u00dfe 8D-50670 K\u00f6ln VERTRETEN DURCH: Gesch\u00e4ftsf\u00fchrer: Klaus Benden &amp; Marvin Ackermann KONTAKT: Telefon: +49.221.257 97 27Telefax: +49.221.280 68 58E-Mail:\u00a0info@galerie-benden-ackermann.de REGISTEREINTRAG: Eintragung im Handelsregister.Registergericht: Amtsgericht K\u00f6lnRegisternummer: HRB 109702 UMSATZSTEUER: Umsatzsteuer-Identifikationsnummer gem\u00e4\u00df \u00a727 a Umsatzsteuergesetz:DE 351158252 GESTALTUNG \/ UMSETZUNG magma design studiomagmadesignstudio.de STREITSCHLICHTUNG Die Europ\u00e4ische Kommission stellt eine [&hellip;]<\/p>\n","protected":false},"author":1,"featured_media":0,"parent":0,"menu_order":0,"comment_status":"closed","ping_status":"closed","template":"","meta":{"footnotes":""},"class_list":["post-41","page","type-page","status-publish","hentry"],"_links":{"self":[{"href":"https:\/\/galerie-benden-ackermann.de\/de\/wp-json\/wp\/v2\/pages\/41","targetHints":{"allow":["GET"]}}],"collection":[{"href":"https:\/\/galerie-benden-ackermann.de\/de\/wp-json\/wp\/v2\/pages"}],"about":[{"href":"https:\/\/galerie-benden-ackermann.de\/de\/wp-json\/wp\/v2\/types\/page"}],"author":[{"embeddable":true,"href":"https:\/\/galerie-benden-ackermann.de\/de\/wp-json\/wp\/v2\/users\/1"}],"replies":[{"embeddable":true,"href":"https:\/\/galerie-benden-ackermann.de\/de\/wp-json\/wp\/v2\/comments?post=41"}],"version-history":[{"count":9,"href":"https:\/\/galerie-benden-ackermann.de\/de\/wp-json\/wp\/v2\/pages\/41\/revisions"}],"predecessor-version":[{"id":3477,"href":"https:\/\/galerie-benden-ackermann.de\/de\/wp-json\/wp\/v2\/pages\/41\/revisions\/3477"}],"wp:attachment":[{"href":"https:\/\/galerie-benden-ackermann.de\/de\/wp-json\/wp\/v2\/media?parent=41"}],"curies":[{"name":"wp","href":"https:\/\/api.w.org\/{rel}","templated":true}]}}