{"id":933,"date":"2021-10-14T10:57:38","date_gmt":"2021-10-14T08:57:38","guid":{"rendered":"https:\/\/dev.galerie-klaus-benden.de\/?page_id=933"},"modified":"2021-12-01T13:35:11","modified_gmt":"2021-12-01T12:35:11","slug":"andy-warhol","status":"publish","type":"page","link":"https:\/\/galerie-benden-ackermann.de\/en\/andy-warhol\/","title":{"rendered":"Andy Warhol"},"content":{"rendered":"\n<figure class=\"wp-block-image alignfull size-large\"><a href=\"https:\/\/galerie-klaus-benden.de\/de\/artwork\/joseph-beuys\/\"><img loading=\"lazy\" decoding=\"async\" width=\"1024\" height=\"501\" src=\"https:\/\/galerie-klaus-benden.de\/wp-content\/uploads\/2021\/11\/galerie-klaus-benden-warhol-joseph-beuys-1024x501.jpg\" alt=\"\" class=\"wp-image-2353\" srcset=\"https:\/\/galerie-benden-ackermann.de\/wp-content\/uploads\/2021\/11\/galerie-klaus-benden-warhol-joseph-beuys-1024x501.jpg 1024w, https:\/\/galerie-benden-ackermann.de\/wp-content\/uploads\/2021\/11\/galerie-klaus-benden-warhol-joseph-beuys-300x147.jpg 300w, https:\/\/galerie-benden-ackermann.de\/wp-content\/uploads\/2021\/11\/galerie-klaus-benden-warhol-joseph-beuys-768x376.jpg 768w, https:\/\/galerie-benden-ackermann.de\/wp-content\/uploads\/2021\/11\/galerie-klaus-benden-warhol-joseph-beuys.jpg 1300w\" sizes=\"auto, (max-width: 1300px) 100vw, 1300px\" \/><\/a><\/figure>\n\n\n\n<div class=\"wp-block-columns is-layout-flex wp-container-core-columns-is-layout-9d6595d7 wp-block-columns-is-layout-flex\">\n<div class=\"wp-block-column is-layout-flow wp-block-column-is-layout-flow\" style=\"flex-basis:25%\">\n<p><strong>*1928 Pittsburgh<br>\u2020 1987 New York<\/strong><\/p>\n<\/div>\n\n\n\n<div class=\"wp-block-column is-layout-flow wp-block-column-is-layout-flow\" style=\"flex-basis:25%\"><\/div>\n\n\n\n<div class=\"wp-block-column is-layout-flow wp-block-column-is-layout-flow\" style=\"flex-basis:50%\">\n<h3 class=\"has-text-align-right wp-block-heading\"><strong><em>&#8220;Ich wollte nichts malen. Ich suchte nach etwas, das die Essenz von Nichts war, und das war es.\u201c<\/em><\/strong><\/h3>\n<\/div>\n<\/div>\n\n\n\n<div style=\"height: 2.25rem\" aria-hidden=\"true\" class=\"wp-block-spacer\"><\/div>\n\n\n\n<div class=\"wp-block-columns is-layout-flex wp-container-core-columns-is-layout-9d6595d7 wp-block-columns-is-layout-flex\">\n<div class=\"wp-block-column is-layout-flow wp-block-column-is-layout-flow\" style=\"flex-basis:25%\"><\/div>\n\n\n\n<div class=\"wp-block-column is-layout-flow wp-block-column-is-layout-flow\" style=\"flex-basis:50%\">\n<p class=\"has-drop-cap\">Der <strong>Maler, Graphiker und Filmemacher<\/strong> Andy Warhol ist einer der Hauptvertreter der amerikanischen Pop Art und war schon zu Lebzeiten eine Legende. Mit seiner Auffassung von Kunst und \u00c4sthetik hat er die Kunstwelt in seinen Bann gezogen und polarisiert und die Grenzen von Kunst neu definiert. Warhol hinterlie\u00df ein umfangreiches Gesamtwerk und hat die Kunstszene entscheidend gepr\u00e4gt. Aktuell waren seine Themen wie Konsum, Starkult, Homosexualit\u00e4t, Subkultur, Polizeigewalt, Rassismus oder Migration damals wie heute.<\/p>\n\n\n\n<p><strong>Andrej Varhola<\/strong>, amerikanischer B\u00fcrger, tschechischer Abstammung, wird 1928 in Pittsburgh, Pennsylvania geboren.<\/p>\n\n\n\n<p>Pittsburgh war als Sitz des Oberbischofs ein Sammelpunkt der russinischen Gemeinschaft. So konnte die Familie Varhola, der Familienname wurde sp\u00e4ter zu Warhola anglisiert, den Glauben der russinischen Kirche, die den Papst in Rom als Oberhaupt anerkennt und gleichzeitig der Liturgie der byzantinischen Kirche folgt, in der neuen Heimat pflegen. Schon in jungen Jahren war Warhol sowohl von den religi\u00f6sen Motiven als auch dem <strong>Glamour Hollywoods<\/strong> fasziniert.<\/p>\n\n\n\n<p>Warhol hat ein besonders enges Verh\u00e4ltnis zu seiner Mutter, die ihn umsorgt, als er im Alter von acht Jahren erkrankt und mehrere Monate ans Bett gefesselt ist. Sie besch\u00e4ftigt ihn mit Zeichnen und Basteln, kauft ihm Comics und Ausschneidefiguren. Fr\u00fch erkennt sie seine Begabung und erm\u00f6glicht ihm, an kostenlosen Kunstkursen im Carnegie Institute in Pittsburgh teilzunehmen. Als der Vater 1942 stirbt, vermacht er seinem j\u00fcngsten Sohn seine Ersparnisse, damit dieser aufs College gehen und Graphikdesign studieren kann.<\/p>\n<\/div>\n\n\n\n<div class=\"wp-block-column is-layout-flow wp-block-column-is-layout-flow\" style=\"flex-basis:25%\">\n<p><\/p>\n<\/div>\n<\/div>\n\n\n\n<div style=\"height: 2.4583333333333rem\" aria-hidden=\"true\" class=\"wp-block-spacer\"><\/div>\n\n\n\n<div class=\"wp-block-columns is-layout-flex wp-container-core-columns-is-layout-9d6595d7 wp-block-columns-is-layout-flex\">\n<div class=\"wp-block-column is-layout-flow wp-block-column-is-layout-flow\" style=\"flex-basis:66.66%\">\n<figure class=\"wp-block-image size-large is-resized is-style-default\"><a href=\"https:\/\/galerie-klaus-benden.de\/de\/artwork\/shoe-2\/\"><img loading=\"lazy\" decoding=\"async\" src=\"https:\/\/galerie-klaus-benden.de\/wp-content\/uploads\/2021\/11\/galerie-klaus-benden-warhol-shoe-neu-3-950x1024.jpg\" alt=\"\" class=\"wp-image-2304\" width=\"713\" height=\"768\" srcset=\"https:\/\/galerie-benden-ackermann.de\/wp-content\/uploads\/2021\/11\/galerie-klaus-benden-warhol-shoe-neu-3-950x1024.jpg 950w, https:\/\/galerie-benden-ackermann.de\/wp-content\/uploads\/2021\/11\/galerie-klaus-benden-warhol-shoe-neu-3-278x300.jpg 278w, https:\/\/galerie-benden-ackermann.de\/wp-content\/uploads\/2021\/11\/galerie-klaus-benden-warhol-shoe-neu-3-768x828.jpg 768w, https:\/\/galerie-benden-ackermann.de\/wp-content\/uploads\/2021\/11\/galerie-klaus-benden-warhol-shoe-neu-3.jpg 1200w\" sizes=\"auto, (max-width: 1200px) 100vw, 1200px\" \/><\/a><figcaption>Shoe, 1955 (Zeichnung publiziert in Harper\u2018s Bazaar)<br>Pinsel und schwarze Tinte mit wei\u00dfen Gouache Zus\u00e4tzen auf cremefarbenem Papier,<br>35,5 x 27,8 cm, Unikat<\/figcaption><\/figure>\n<\/div>\n\n\n\n<div class=\"wp-block-column is-layout-flow wp-block-column-is-layout-flow\" style=\"flex-basis:33.33%\">\n<p>Warhol absolviert zun\u00e4chst eine Lehre als <strong>Schaufensterdekorateur<\/strong>, bevor er von 1945-49 Kunstgeschichte, Pictorial Design, Soziologie und Psychologie am Carnegie Institute of Technology in Pittsburgh studiert. <\/p>\n\n\n\n<p>1949 geht er nach New York und nennt sich fortan Andy Warhol. Seine Mutter zieht drei Jahre sp\u00e4ter zu ihm und lebt bis kurz vor ihrem Tod 1972 mit ihm zusammen.<\/p>\n\n\n\n<p><br>Bis 1960 arbeitet er erfolgreich als <strong>Werbegraphiker<\/strong>. 1956 soll f\u00fcr ihn von besonderer Bedeutung werden. Er unternimmt eine Weltreise, die ihn unter anderem nach Italien f\u00fchrt, wo ihn vor allem Florenz mit seinen Renaissance Kunstwerken beeindruckt und seine k\u00fcnstlerischen Ambitionen best\u00e4rkt. In diesem Jahr auch wird er mit dem renommierten <strong>\u201eThirty Fifth Annual Art Direktors\u2019 Club Award\u201c<\/strong> ausgezeichnet. Das Museum of Modern Art l\u00e4dt ihn zu einer Teilnahme an einer Ausstellung mit \u201eNeuesten Zeichnungen der USA\u201c ein. Ende der 50er Jahre konzentriert er sich auf Malerei und k\u00fcnstlerische Graphik, arbeitet als freiberuflicher Werbegraphiker f\u00fcr Modemagazine, als Illustrator und Schaufenstergestalter und z\u00e4hlt zu den bestbezahlten Graphikdesignern in Manhattan.<\/p>\n\n\n\n<div style=\"height: 2.0833333333333rem\" aria-hidden=\"true\" class=\"wp-block-spacer\"><\/div>\n\n\n\n<p>Seine erste Einzelausstellung hat er 1952 in der Hugo Gallery, New York. 1962 nimmt er an der legend\u00e4ren Gruppenausstellung <strong>\u201eNew Realists\u201c<\/strong> in der Sidney Janis Gallery in New York teil, ihr folgen 1965 und 1966 Einladungen der Galerie M.E. Thelen in Essen, 1965 der Galerie Ileana Sonnabend, Paris. 1966 zeigt ihn die Galerie Hans Neuendorf in Hamburg, 1967 die Galerie Zwirner in K\u00f6ln, 1968 das Stedelijk Museum in Amsterdam, 1969 die Nationalgalerie in Berlin und viele Galerien und Museen folgen. 1968, 1977 und 1982 nimmt er an der documenta teil.<\/p>\n<\/div>\n<\/div>\n\n\n\n<div style=\"height: 3.7083333333333rem\" aria-hidden=\"true\" class=\"wp-block-spacer\"><\/div>\n\n\n\n<div class=\"wp-block-columns is-layout-flex wp-container-core-columns-is-layout-9d6595d7 wp-block-columns-is-layout-flex\">\n<div class=\"wp-block-column is-layout-flow wp-block-column-is-layout-flow\" style=\"flex-basis:50%\">\n<h2 class=\"wp-block-heading\"><strong>Im August 1962 beginnt er mit den Siebdrucken. Es entstehen die ersten Serien mit Campbells Suppendosen und Coca-Cola Flaschen sowie Siebdrucke mit dem Motiv der Dollarnoten.<\/strong><\/h2>\n<\/div>\n\n\n\n<div class=\"wp-block-column is-layout-flow wp-block-column-is-layout-flow\" style=\"flex-basis:25%\"><\/div>\n<\/div>\n\n\n\n<div style=\"height: 3.2916666666667rem\" aria-hidden=\"true\" class=\"wp-block-spacer\"><\/div>\n\n\n\n<div class=\"wp-block-columns is-layout-flex wp-container-core-columns-is-layout-9d6595d7 wp-block-columns-is-layout-flex\">\n<div class=\"wp-block-column is-layout-flow wp-block-column-is-layout-flow\">\n<div style=\"height: 2.0833333333333rem\" aria-hidden=\"true\" class=\"wp-block-spacer\"><\/div>\n\n\n\n<p>Die im Siebdruck bedruckten Holz- und Kartonkisten, Nachbildungen kommerzieller Verpackungen, folgen, des Weiteren Blumenbilder, Portr\u00e4ts ber\u00fchmter <strong>Pers\u00f6nlichkeiten<\/strong> (Mao, Jimmy Carter, Lenin, Mohammed Ali, Albert Einstein, Franz Kafka, Gertrude Stein, Sigmund Freud u.a.), die <strong>Stars<\/strong> des Films (Marilyn, Liz Taylor, Elvis Presley, Marlon Brando u.a.), der Kunstwelt (Mona Lisa, Robert Rauschenberg, Joseph Beuys, Ludwig van Beethoven, Mick Jagger, Leo Castelli, H\u00e4ndler, Sammler, Selbstportr\u00e4ts). Es entstehen Serien mit Todes- und <strong>Katastrophenbildern<\/strong> (Flugzeugabst\u00fcrze, Verkehrsunf\u00e4lle, Kriminalit\u00e4t, Atombombenexplosionen, Elektrischer Stuhl), bewusst in der schlechten Bildqualit\u00e4t des Zeitungsdrucks hergestellt, Tierportr\u00e4ts, Abbilder von Denkm\u00e4lern und ber\u00fchmten Geb\u00e4uden, Alltagsgegenst\u00e4nde.<\/p>\n\n\n\n<div style=\"height: 2.0833333333333rem\" aria-hidden=\"true\" class=\"wp-block-spacer\"><\/div>\n\n\n\n<p>Weltber\u00fchmt wird das Bild <strong>\u201eMarilyn Diptych\u201c<\/strong>, f\u00fcr das Andy Warhol ein Szenenfoto aus dem Film \u201eNiagara\u201c mit Marilyn Monroe als Vorlage nutzt. In verschiedenen Farbvariationen erstellt es der K\u00fcnstler immer neu. Das Motiv steht bis heute als Symbol f\u00fcr die Pop Art und ihren ber\u00fchmten Vertreter. <\/p>\n\n\n\n<p>Damals begegnet man seinen Arbeiten zun\u00e4chst mit v\u00f6lligem Unverst\u00e4ndnis. Bei einer ersten Pr\u00e4sentation finden sich gerade einmal f\u00fcnf K\u00e4ufer, darunter der Schauspieler Dennis Hopper. Seit 1965 jedoch werden sie als Sensation auf dem Kunstmarkt gefeiert. Innerhalb kurzer Zeit wird er zu einer einflussreichen Gestalt der Pop Art und verk\u00f6rpert den Star neuen Typs. <\/p>\n<\/div>\n\n\n\n<div class=\"wp-block-column is-layout-flow wp-block-column-is-layout-flow\">\n<div class=\"wp-block-image\"><figure class=\"alignright size-full\"><a href=\"https:\/\/galerie-klaus-benden.de\/de\/artwork\/queen-elizabeth-ii-of-the-united-kingdom\/\"><img loading=\"lazy\" decoding=\"async\" width=\"438\" height=\"550\" src=\"https:\/\/galerie-klaus-benden.de\/wp-content\/uploads\/2021\/11\/galerie-klaus-benden-warhol-queen-elisabeth.jpg\" alt=\"\" class=\"wp-image-2258\" srcset=\"https:\/\/galerie-benden-ackermann.de\/wp-content\/uploads\/2021\/11\/galerie-klaus-benden-warhol-queen-elisabeth.jpg 438w, https:\/\/galerie-benden-ackermann.de\/wp-content\/uploads\/2021\/11\/galerie-klaus-benden-warhol-queen-elisabeth-239x300.jpg 239w\" sizes=\"auto, (max-width: 438px) 100vw, 438px\" \/><\/a><figcaption>Queen Elizabeth II of the United Kingdom, 1985. Siebdruck, 100 x 80 cm, Edition: 40 (unsign. Ex. au\u00dferhalb der Edit.), Provenienz: Nachl. George Mulder (Vlg.)<\/figcaption><\/figure><\/div>\n<\/div>\n<\/div>\n\n\n\n<div style=\"height: 1.4166666666667rem\" aria-hidden=\"true\" class=\"wp-block-spacer\"><\/div>\n\n\n\n<div class=\"wp-block-columns is-layout-flex wp-container-core-columns-is-layout-9d6595d7 wp-block-columns-is-layout-flex\">\n<div class=\"wp-block-column is-layout-flow wp-block-column-is-layout-flow\">\n<div class=\"wp-block-image\"><figure class=\"aligncenter size-full is-resized\"><a href=\"https:\/\/galerie-klaus-benden.de\/de\/artwork\/youre-in\/\"><img loading=\"lazy\" decoding=\"async\" src=\"https:\/\/galerie-klaus-benden.de\/wp-content\/uploads\/2021\/11\/galerie-klaus-benden-warhol-you-re-in.png\" alt=\"\" class=\"wp-image-2864\" width=\"472\" height=\"644\"\/><\/a><figcaption>You\u00b4re In, 1967<br>Spr\u00fchfarbe auf Coca-Cola Glasflasche<br>20,3 x 5,7 x 5,7 cm<br>Unikat<\/figcaption><\/figure><\/div>\n<\/div>\n\n\n\n<div class=\"wp-block-column is-layout-flow wp-block-column-is-layout-flow\">\n<div style=\"height: 1.9583333333333rem\" aria-hidden=\"true\" class=\"wp-block-spacer\"><\/div>\n\n\n\n<div style=\"height: 4.625rem\" aria-hidden=\"true\" class=\"wp-block-spacer\"><\/div>\n\n\n\n<h2 class=\"wp-block-heading\">Ein wichtiger Teil von Warhols Ber\u00fchmtheit ist die sogenannte <strong>Factory<\/strong><\/h2>\n\n\n\n<div style=\"height: 2.125rem\" aria-hidden=\"true\" class=\"wp-block-spacer\"><\/div>\n\n\n\n<p>Als er 1963 sein Atelier dorthin verlegt, wird es zum Treffpunkt f\u00fcr M\u00f6chtegerne und alles was Rang und Namen hat. Zun\u00e4chst ein mit silberfarbener Folie drapiertes Studio mitten in Manhattan, wird es ein experimentelles Kunststudio und sozialer Raum zugleich.<\/p>\n\n\n\n<div style=\"height: 2.125rem\" aria-hidden=\"true\" class=\"wp-block-spacer\"><\/div>\n\n\n\n<p>Ab 1963 verwirklicht er dort seine zweite Leidenschaft: das <strong>Filmen<\/strong>. Er dreht seine ersten Filme mit einer neu gekauften Bolex-Kamera. Er macht Filmaufnahmen von Mick Jagger, Bob Dylan, Marcel Duchamp, Salvador Dal\u00ed u.a. Ab 1965 beginnt er mit Video zu experimentieren. Heute gelten Warhols Filme als Avantgarde-Kinoklassiker. Fast 600 Filme und circa 2.500 Videos entstehen.<\/p>\n<\/div>\n<\/div>\n\n\n\n<div class=\"wp-block-columns is-layout-flex wp-container-core-columns-is-layout-9d6595d7 wp-block-columns-is-layout-flex\">\n<div class=\"wp-block-column is-layout-flow wp-block-column-is-layout-flow\" style=\"flex-basis:25%\"><\/div>\n\n\n\n<div class=\"wp-block-column is-layout-flow wp-block-column-is-layout-flow\" style=\"flex-basis:50%\">\n<div style=\"height: 2.4166666666667rem\" aria-hidden=\"true\" class=\"wp-block-spacer\"><\/div>\n\n\n\n<p>Ab 1966 arbeitet Andy Warhol mit der Rockband <strong>\u201eVelvet Underground\u201c<\/strong>. Die Live-Auftritte sind legend\u00e4r. Als Fotograf ist Andy Warhol unerm\u00fcdlich, auch als Buchautor versucht er sich. <\/p>\n\n\n\n<p>Nach dem Attentat durch die radikale Frauenrechtlerin Valerie im Jahr 1968, bei dem Warhol lebensgef\u00e4hrlich verletzt wird, \u00e4ndert sich sein Lebensstil und das Werk des K\u00fcnstlers. Die Folgen des <strong>Attentats<\/strong> beeintr\u00e4chtigen seine k\u00f6rperliche Gesundheit und seine psychische Verfassung f\u00fcr immer. Die Politik der offenen T\u00fcr in der Factory hat ein Ende.<\/p>\n\n\n\n<p>Als 1972 seine Mutter stirbt, bleibt Warhol den Trauerfeierlichkeiten fern. Dies sagt wenig \u00fcber das enge Verh\u00e4ltnis zu seiner geliebten Mutter aus, aber viel \u00fcber sein eigenes angstbesetztes Verh\u00e4ltnis zum <strong>Thema Tod und Sterben<\/strong> aus.<\/p>\n\n\n\n<p>Er beginnt, mit neuen Techniken und Ausdrucksformen zu experimentieren. Um 1978 entstehen die \u201ePiss Paintings\u201c (mit Urin durch Oxidation auf Kupferfarbe,) mit Diamantstaub (\u201eJosef Beuys\u201c 1980; \u201eCologne Cathedral\u201c 1985).<\/p>\n\n\n\n<p>1984 arbeitet er gemeinsam an Projekten mit den K\u00fcnstlern Jean-Michel Basquiat und Franceso Clemente.<\/p>\n\n\n\n<p>Vor seinem Tod im Jahr 1987 adaptiert Andy Warhol <strong>\u201eThe Last Supper\u201c<\/strong> von Leonardo da Vinci. In seiner letzten Serie verwendet Warhol noch einmal alles, was charakteristisch f\u00fcr sein Werk ist: die Aneignung eines fremden Motivs, die aus der Warenwelt importierte Farbgebung, die monochromen Siebdrucke, die Wiederholungen.<\/p>\n\n\n\n<p>Am 22.2.1987 stirbt er in New York. Auf einem Friedhof der Byzantinisch-Katholischen Kirche in Pittsburgh, seinem Geburtsort, wird er begraben.<\/p>\n\n\n\n<div style=\"height: 3.2083333333333rem\" aria-hidden=\"true\" class=\"wp-block-spacer\"><\/div>\n\n\n\n<h4 class=\"wp-block-heading\"><strong>Andy Warhol ist in allen bedeutenden Museen und Sammlungen weltweit vertreten, u.a.<\/strong><\/h4>\n\n\n\n<p>Andy Warhol Museum Pittsburgh<br>Getty Center Los Angeles<br>Hirshhorn Museum and Sculpture Garden Washington D.C.<br>Los Angeles County Museum of Art<br>MCA Museum of Contemporary Art Chicago<br>Metropolitan Museum of Art New York<br>Museum of Modern Art New York<br>MCA Museum of Contemporary Art Chicago<\/p>\n\n\n\n<p>Honolulu Musem of Art<br>MCA,Sydney<br>Yokohama Museum of Art<br>Hara Museum of Contemporary Art Tokio<\/p>\n\n\n\n<p>Fondation Beyeler Riehen\/Basel<br>Guggenheim Bilbao<br>Kunsthaus Z\u00fcrich<br>Ludwig Museum St. Petersburg<br>MUMOK Wien<br>Stedelijk Museum Amsterdam<br>Tate Modern London<\/p>\n\n\n\n<p>Hamburger Kunsthalle<br>Kunstsammlung Nordrhein-Westfalen D\u00fcsseldorf<br>Museum Brandhorst M\u00fcnchen<br>Museum Frieder Burda Baden Baden<br>Museum f\u00fcr Moderne Kunst Frankfurt<br>Museum Ludwig, K\u00f6ln<br>Pinakothek der Moderne M\u00fcnchen<\/p>\n<\/div>\n\n\n\n<div class=\"wp-block-column is-layout-flow wp-block-column-is-layout-flow\" style=\"flex-basis:25%\"><\/div>\n<\/div>\n\n\n\n<p><\/p>\n","protected":false},"excerpt":{"rendered":"<p>*1928 Pittsburgh\u2020 1987 New York &#8220;Ich wollte nichts malen. Ich suchte nach etwas, das die Essenz von Nichts war, und das war es.\u201c Der Maler, Graphiker und Filmemacher Andy Warhol ist einer der Hauptvertreter der amerikanischen Pop Art und war schon zu Lebzeiten eine Legende. Mit seiner Auffassung von Kunst und \u00c4sthetik hat er die [&hellip;]<\/p>\n","protected":false},"author":2,"featured_media":0,"parent":0,"menu_order":0,"comment_status":"closed","ping_status":"closed","template":"","meta":{"footnotes":""},"class_list":["post-933","page","type-page","status-publish","hentry"],"_links":{"self":[{"href":"https:\/\/galerie-benden-ackermann.de\/en\/wp-json\/wp\/v2\/pages\/933","targetHints":{"allow":["GET"]}}],"collection":[{"href":"https:\/\/galerie-benden-ackermann.de\/en\/wp-json\/wp\/v2\/pages"}],"about":[{"href":"https:\/\/galerie-benden-ackermann.de\/en\/wp-json\/wp\/v2\/types\/page"}],"author":[{"embeddable":true,"href":"https:\/\/galerie-benden-ackermann.de\/en\/wp-json\/wp\/v2\/users\/2"}],"replies":[{"embeddable":true,"href":"https:\/\/galerie-benden-ackermann.de\/en\/wp-json\/wp\/v2\/comments?post=933"}],"version-history":[{"count":186,"href":"https:\/\/galerie-benden-ackermann.de\/en\/wp-json\/wp\/v2\/pages\/933\/revisions"}],"predecessor-version":[{"id":3237,"href":"https:\/\/galerie-benden-ackermann.de\/en\/wp-json\/wp\/v2\/pages\/933\/revisions\/3237"}],"wp:attachment":[{"href":"https:\/\/galerie-benden-ackermann.de\/en\/wp-json\/wp\/v2\/media?parent=933"}],"curies":[{"name":"wp","href":"https:\/\/api.w.org\/{rel}","templated":true}]}}